{"id":105,"date":"2012-01-26T15:45:04","date_gmt":"2012-01-26T14:45:04","guid":{"rendered":"http:\/\/www.granulex.fr\/?page_id=105"},"modified":"2021-02-22T14:52:00","modified_gmt":"2021-02-22T13:52:00","slug":"beton-isolant","status":"publish","type":"page","link":"https:\/\/www.granulex.fr\/?page_id=105","title":{"rendered":"B\u00e9ton isolant"},"content":{"rendered":"<div class=\"left_bloc\">\n<h2>Granulex\u00ae : votre partenaire THERMIQUE<\/h2>\n<p><span style=\"color: #9c4a0e;\">\u2022<\/span> La conductivit\u00e9 thermique du b\u00e9ton est directement corr\u00e9l\u00e9e \u00e0 sa densit\u00e9. Ces \u00e9l\u00e9ments sont connus et analys\u00e9s de fa\u00e7on pr\u00e9cise depuis plus d\u2019une vingtaine d\u2019ann\u00e9e.<\/p>\n<p><span style=\"color: #9c4a0e;\">\u2022<\/span> Ainsi, l\u2019ardoise expans\u00e9e, est dot\u00e9e de propri\u00e9t\u00e9s isolantes uniques (\u03bb=0,12) et permet l\u2019\u00e9laboration de produits en b\u00e9tons r\u00e9pondant aux nouvelles normes environnementales.<\/p>\n<p><span style=\"color: #9c4a0e;\">\u2022<\/span> De nombreuses solutions thermiques ont d\u00e9j\u00e0 \u00e9t\u00e9 d\u00e9velopp\u00e9es avec <span style=\"font-weight: bold;\">Granulex\u00ae<\/span> et biens d\u2019autres sont envisageables pour limiter les fuites thermiques dans un b\u00e2timent.<\/p>\n<p><span style=\"color: #9c4a0e;\">\u2022<\/span> Nos services sont \u00e0 votre disposition pour vous appuyer dans l\u2019\u00e9laboration de votre future gamme de produits.<\/p>\n<p><span style=\"color: #9c4a0e;\">\u2022<\/span> Avec l\u2019ardoise expans\u00e9e, il est possible d\u2019obtenir des b\u00e9tons d\u2019un lambda de 0.6 W\/m\u00b2\/K en conservant des r\u00e9sistances m\u00e9caniques \u00e9lev\u00e9es (30 Mpa). La plus courante consiste \u00e0 r\u00e9aliser l\u2019enveloppe ext\u00e9rieure du b\u00e2timent en b\u00e9ton isolant (voir fig 3).<\/p>\n<p><span style=\"color: #9c4a0e;\">\u2022<\/span> Mais toutes les parties du b\u00e2timent pr\u00e9vues en b\u00e9ton et donnant sur l\u2019ext\u00e9rieur n\u00e9cessiteront \u00e0 terme une sp\u00e9cificit\u00e9 dans leur conception afin d\u2019\u00e9viter une transmission lin\u00e9ique trop \u00e9lev\u00e9e.<\/p>\n<p><span style=\"color: #9c4a0e;\">\u2022<\/span> Naturellement, toutes les propri\u00e9t\u00e9s d\u2019un b\u00e9ton de <span style=\"font-weight: bold;\">Granulex\u00ae<\/span> sont \u00e9galement \u00e0 retenir quand au choix de l\u2019agr\u00e9gat pour la conception d\u2019un b\u00e9ton isolant :<\/p>\n<ul>\n<li>\u2022 Maintient de rh\u00e9ologie<\/li>\n<li>\u2022 Haute r\u00e9sistance au Feu<\/li>\n<li>\u2022 Pompabilit\u00e9<\/li>\n<\/ul>\n<p><span style=\"color: #9c4a0e;\">\u2022<\/span> Disposant d\u2019un r\u00e9seau de partenaires fabricant des b\u00e9tons isolants structurels dans l\u2019industrie du BPE et de la pr\u00e9fabrication, nous sommes \u00e0 m\u00eame de r\u00e9pondre \u00e0 vos probl\u00e9matiques thermiques et structurelles.<\/p>\n<\/div>\n<div class=\"right_bloc\" style=\"text-align: center;\"><img loading=\"lazy\" decoding=\"async\" class=\"aligncenter size-full wp-image-878\" title=\"Pont thermique plancher interm\u00e9diaire b\u00e9ton plein\" src=\"http:\/\/www.granulex.fr\/wp-content\/uploads\/2012\/01\/Pont-thermique-plancher-interm\u00e9diaire-b\u00e9ton-plein.jpg\" alt=\"Pont thermique plancher interm\u00e9diaire b\u00e9ton plein\" width=\"360\" height=\"379\" srcset=\"https:\/\/www.granulex.fr\/wp-content\/uploads\/2012\/01\/Pont-thermique-plancher-interm\u00e9diaire-b\u00e9ton-plein.jpg 360w, https:\/\/www.granulex.fr\/wp-content\/uploads\/2012\/01\/Pont-thermique-plancher-interm\u00e9diaire-b\u00e9ton-plein-284x300.jpg 284w\" sizes=\"auto, (max-width: 360px) 100vw, 360px\" \/><br \/>\n<a href=\"http:\/\/www.granulex.fr\/wp-content\/uploads\/2012\/01\/flux-thermique-dans-un-chainage-b\u00e9ton.png\"><img loading=\"lazy\" decoding=\"async\" class=\"aligncenter size-full wp-image-373\" title=\"flux thermique dans un chainage b\u00e9ton\" src=\"http:\/\/www.granulex.fr\/wp-content\/uploads\/2012\/01\/flux-thermique-dans-un-chainage-b\u00e9ton.png\" alt=\"flux-thermique-dans-un-chainage-b\u00e9ton\" width=\"360\" height=\"200\" srcset=\"https:\/\/www.granulex.fr\/wp-content\/uploads\/2012\/01\/flux-thermique-dans-un-chainage-b\u00e9ton.png 360w, https:\/\/www.granulex.fr\/wp-content\/uploads\/2012\/01\/flux-thermique-dans-un-chainage-b\u00e9ton-300x166.png 300w\" sizes=\"auto, (max-width: 360px) 100vw, 360px\" \/><\/a><br \/>\n<a href=\"www.betontherm.fr\" target=\"_blank\" rel=\"noopener noreferrer\"><br \/>\n<img loading=\"lazy\" decoding=\"async\" class=\"aligncenter size-full wp-image-375\" title=\"fabrication de b\u00e9ton isolant granulex\" src=\"http:\/\/www.granulex.fr\/wp-content\/uploads\/2012\/01\/eiffage-1.jpg\" alt=\"fabrication de b\u00e9ton isolant granulex\" width=\"640\" height=\"480\" srcset=\"https:\/\/www.granulex.fr\/wp-content\/uploads\/2012\/01\/eiffage-1.jpg 640w, https:\/\/www.granulex.fr\/wp-content\/uploads\/2012\/01\/eiffage-1-300x225.jpg 300w, https:\/\/www.granulex.fr\/wp-content\/uploads\/2012\/01\/eiffage-1-400x300.jpg 400w\" sizes=\"auto, (max-width: 640px) 100vw, 640px\" \/><\/a><\/div>\n<p style=\"text-align: center;\"><a href=\"www.betontherm.fr\" target=\"_blank\" rel=\"noopener noreferrer\"><img loading=\"lazy\" decoding=\"async\" class=\"aligncenter wp-image-989 size-medium\" src=\"https:\/\/www.granulex.fr\/wp-content\/uploads\/2021\/02\/Logo-Betontherm-300x200.jpg\" alt=\"\" width=\"300\" height=\"200\" srcset=\"https:\/\/www.granulex.fr\/wp-content\/uploads\/2021\/02\/Logo-Betontherm-300x200.jpg 300w, https:\/\/www.granulex.fr\/wp-content\/uploads\/2021\/02\/Logo-Betontherm-1024x683.jpg 1024w, https:\/\/www.granulex.fr\/wp-content\/uploads\/2021\/02\/Logo-Betontherm-768x512.jpg 768w, https:\/\/www.granulex.fr\/wp-content\/uploads\/2021\/02\/Logo-Betontherm-1536x1024.jpg 1536w, https:\/\/www.granulex.fr\/wp-content\/uploads\/2021\/02\/Logo-Betontherm-2048x1365.jpg 2048w, https:\/\/www.granulex.fr\/wp-content\/uploads\/2021\/02\/Logo-Betontherm-450x300.jpg 450w\" sizes=\"auto, (max-width: 300px) 100vw, 300px\" \/><\/a><a href=\"www.betontherm.fr\" target=\"_blank\" rel=\"noopener noreferrer\">Consulter notre site sur les b\u00e9tons isolants structurels<\/a><\/p>\n","protected":false},"excerpt":{"rendered":"<p>Granulex\u00ae : votre partenaire THERMIQUE \u2022 La conductivit\u00e9 thermique du b\u00e9ton est directement corr\u00e9l\u00e9e \u00e0 sa densit\u00e9. Ces \u00e9l\u00e9ments sont connus et analys\u00e9s de fa\u00e7on pr\u00e9cise depuis plus d\u2019une vingtaine d\u2019ann\u00e9e. \u2022 Ainsi, l\u2019ardoise expans\u00e9e, est dot\u00e9e de propri\u00e9t\u00e9s isolantes &hellip; <a href=\"https:\/\/www.granulex.fr\/?page_id=105\">Continuer la lecture <span class=\"meta-nav\">&rarr;<\/span><\/a><\/p>\n","protected":false},"author":4,"featured_media":0,"parent":305,"menu_order":1,"comment_status":"closed","ping_status":"closed","template":"page-bpe.php","meta":{"footnotes":""},"class_list":["post-105","page","type-page","status-publish","hentry"],"_links":{"self":[{"href":"https:\/\/www.granulex.fr\/index.php?rest_route=\/wp\/v2\/pages\/105","targetHints":{"allow":["GET"]}}],"collection":[{"href":"https:\/\/www.granulex.fr\/index.php?rest_route=\/wp\/v2\/pages"}],"about":[{"href":"https:\/\/www.granulex.fr\/index.php?rest_route=\/wp\/v2\/types\/page"}],"author":[{"embeddable":true,"href":"https:\/\/www.granulex.fr\/index.php?rest_route=\/wp\/v2\/users\/4"}],"replies":[{"embeddable":true,"href":"https:\/\/www.granulex.fr\/index.php?rest_route=%2Fwp%2Fv2%2Fcomments&post=105"}],"version-history":[{"count":25,"href":"https:\/\/www.granulex.fr\/index.php?rest_route=\/wp\/v2\/pages\/105\/revisions"}],"predecessor-version":[{"id":994,"href":"https:\/\/www.granulex.fr\/index.php?rest_route=\/wp\/v2\/pages\/105\/revisions\/994"}],"up":[{"embeddable":true,"href":"https:\/\/www.granulex.fr\/index.php?rest_route=\/wp\/v2\/pages\/305"}],"wp:attachment":[{"href":"https:\/\/www.granulex.fr\/index.php?rest_route=%2Fwp%2Fv2%2Fmedia&parent=105"}],"curies":[{"name":"wp","href":"https:\/\/api.w.org\/{rel}","templated":true}]}}